{"id":9,"date":"2017-04-22T12:20:03","date_gmt":"2017-04-22T10:20:03","guid":{"rendered":"http:\/\/atelier-de-m-etre.fr\/?page_id=9"},"modified":"2026-04-05T15:12:10","modified_gmt":"2026-04-05T13:12:10","slug":"contact","status":"publish","type":"page","link":"https:\/\/atelier-de-m-etre.fr\/?page_id=9","title":{"rendered":"Tarifs et Contacts"},"content":{"rendered":"\n<hr class=\"wp-block-separator has-text-color has-dark-brown-color has-alpha-channel-opacity has-dark-brown-background-color has-background is-style-wide\"\/>\n\n\n\n<h2 class=\"wp-block-heading has-dark-brown-color has-text-color\" style=\"font-size:28px\">Conditions G\u00e9n\u00e9rales de vente<\/h2>\n\n\n\n<div class=\"wp-block-group is-vertical is-layout-flex wp-container-core-group-is-layout-8cf370e7 wp-block-group-is-layout-flex\">\n<p class=\"has-dark-brown-color has-text-color has-link-color has-medium-font-size wp-elements-fd07651373fd591810b5fcf05783d4e2\"><strong>Tarifs<\/strong><\/p>\n<\/div>\n\n\n\n<div class=\"wp-block-group is-vertical is-layout-flex wp-container-core-group-is-layout-8cf370e7 wp-block-group-is-layout-flex\">\n<p class=\"has-dark-brown-color has-text-color has-link-color wp-elements-d18945b1dbafde9e93c603d1a5692457\" style=\"font-size:15px\"><strong>S\u00e9ances de Sophrologie<\/strong><\/p>\n\n\n\n<div class=\"wp-block-group is-vertical is-layout-flex wp-container-core-group-is-layout-8cf370e7 wp-block-group-is-layout-flex\">\n<p class=\"has-dark-brown-color has-text-color\" style=\"font-size:16px\">S\u00e9ance individuelle (1 heure) : 55\u20ac TTC\/s\u00e9ance\/personne<\/p>\n\n\n\n<p class=\"has-dark-brown-color has-text-color\" style=\"font-size:16px\">S\u00e9ance de groupe (\u00e0 partir de 3 personnes) : sur devis ayant une validit\u00e9 de 3 mois<\/p>\n\n\n\n<p class=\"has-dark-brown-color has-text-color\" style=\"font-size:16px\">S\u00e9ance en entreprise  : sur devis ayant une validit\u00e9 de 3 mois<\/p>\n<\/div>\n\n\n\n<p class=\"has-dark-brown-color has-text-color has-link-color wp-elements-fc1ce7d0fea8389969b834da156411c7\" style=\"font-size:15px\"><strong>S\u00e9ances de R\u00e9flexologie<\/strong><\/p>\n\n\n\n<p class=\"has-dark-brown-color has-text-color\" style=\"font-size:16px\">S\u00e9ance individuelle (1 heure) : 60\u20ac TTC\/s\u00e9ance\/personne<\/p>\n\n\n\n<p class=\"has-dark-brown-color has-text-color\" style=\"font-size:16px\">S\u00e9ance en entreprise : sur devis ayant une validit\u00e9 de 3 mois<\/p>\n\n\n\n<p class=\"has-dark-brown-color has-text-color\" style=\"font-size:15px\"><strong>Forfait<\/strong><\/p>\n\n\n\n<p class=\"has-dark-brown-color has-text-color\" style=\"font-size:16px\">Forfait 5 s\u00e9ances (5&#215;1 heure de Sophrologie et\/ou R\u00e9flexologie) : 250\u20ac TTC\/personne &#8211; validit\u00e9 de 12 mois<\/p>\n<\/div>\n\n\n\n<p><\/p>\n\n\n\n<p class=\"has-dark-brown-color has-text-color has-medium-font-size\"><strong>Engagement du client<\/strong><\/p>\n\n\n\n<p class=\"has-dark-brown-color has-text-color\" style=\"font-size:16px\">Le.a client.e s&rsquo;engage, d\u00e8s la premi\u00e8re prise de contact, \u00e0 <strong>ne faire aucune r\u00e9tention d&rsquo;informations<\/strong> concernant ses d\u00e9s\u00e9quilibres actuels ou ant\u00e9rieurs, de mani\u00e8re \u00e0 ce que les s\u00e9ances dispens\u00e9es <strong>soient sans incidence<\/strong> sur son bien-\u00eatre et afin de d\u00e9terminer si la R\u00e9flexologie peut convenir <strong>avec ou sans avis m\u00e9dical pr\u00e9alable<\/strong>.<\/p>\n\n\n\n<p class=\"has-dark-brown-color has-text-color has-medium-font-size\"><strong>Autres conditions<\/strong><\/p>\n\n\n\n<p class=\"has-dark-brown-color has-text-color\" style=\"font-size:16px\">TVA non applicable, art. 293 B du CGI<\/p>\n\n\n\n<p class=\"has-dark-brown-color has-text-color\" style=\"font-size:16px\"><strong>En cas de retard<\/strong>, la s\u00e9ance pourra \u00eatre \u00e9court\u00e9e sans r\u00e9duction de prix, et en cas d&rsquo;absences r\u00e9p\u00e9t\u00e9es (au bout de 3), la s\u00e9ance sera due sans aucune autre contre-partie.<\/p>\n\n\n\n<p class=\"has-dark-brown-color has-text-color\" style=\"font-size:16px\">Le r\u00e8glement est possible par ch\u00e8que ou carte bancaire.<\/p>\n\n\n\n<p class=\"has-dark-brown-color has-text-color\" style=\"font-size:16px\">La Sophrologie et la R\u00e9flexologie sont <strong>prises en charge par certaines mutuelles ou certains CSE<\/strong>. N&rsquo;h\u00e9sitez pas \u00e0 vous renseigner aupr\u00e8s des v\u00f4tres.<\/p>\n\n\n\n<hr class=\"wp-block-separator has-alpha-channel-opacity\"\/>\n\n\n\n<h2 class=\"wp-block-heading has-dark-brown-color has-text-color has-link-color wp-elements-3588ccdcd16633678ae67e6310f9b2b3\">Prendre rendez-vous<\/h2>\n\n\n\n<h1 class=\"wp-block-heading has-dark-brown-color has-text-color has-medium-font-size\">Espace bien-\u00eatre<\/h1>\n\n\n\n<p class=\"has-dark-brown-color has-text-color\" style=\"font-size:16px\">Je vous propose plusieurs possibilit\u00e9s pour pratiquer les s\u00e9ances : <\/p>\n\n\n\n<ul style=\"font-size:16px\" class=\"wp-block-list has-dark-brown-color has-text-color\">\n<li><strong>dans mon espace bien-\u00eatre<\/strong> : je vous en dis plus ci-apr\u00e8s<\/li>\n\n\n\n<li><strong>en visioconf\u00e9rence<\/strong> (uniquement pour la Sophrologie) : il suffit d&rsquo;avoir une chaise et un ordinateur permettant l&rsquo;utilisation de l&rsquo;audio (pour pouvoir parler et entendre) et de la vid\u00e9o (pour pouvoir voir et \u00eatre vu.e)<\/li>\n\n\n\n<li><strong>\u00e0 domicile ou au lieu de votre choix<\/strong> : sous certaines conditions<\/li>\n<\/ul>\n\n\n\n<h2 class=\"wp-block-heading has-dark-brown-color has-text-color has-medium-font-size\">Rendez-vous Sophrologie ou R\u00e9flexologie<\/h2>\n\n\n\n<p class=\"has-dark-brown-color has-text-color\" style=\"font-size:16px\">Plusieurs moyens de communication s&rsquo;offrent \u00e0 vous :<\/p>\n\n\n\n<ul style=\"font-size:16px\" class=\"wp-block-list has-dark-brown-color has-text-color\">\n<li>par <strong><em>t\u00e9l\u00e9phone<\/em><\/strong> en laissant un sms ou un message audio au <strong>06.63.89.80.43<\/strong><\/li>\n\n\n\n<li>par <strong><em>messagerie<\/em><\/strong> en \u00e9crivant \u00e0 <strong>contact@atelier-de-m-etre.fr<\/strong><\/li>\n\n\n\n<li>par <em><strong>Instagram<\/strong> <\/em>sur mon compte <strong>atelier de m etre officiel<\/strong> \/ <strong>@aimeetre<\/strong><\/li>\n\n\n\n<li>par <strong><em>Facebook<\/em><\/strong> sur ma page <strong>Atelier De M Etre<\/strong> \/ <strong>@Jaimeetre<\/strong><\/li>\n<\/ul>\n\n\n\n<div class=\"wp-block-columns is-layout-flex wp-container-core-columns-is-layout-9d6595d7 wp-block-columns-is-layout-flex\">\n<div class=\"wp-block-column is-layout-flow wp-block-column-is-layout-flow\" style=\"flex-basis:33.33%\">\n<figure class=\"wp-block-image size-large is-style-rounded\"><img loading=\"lazy\" decoding=\"async\" width=\"768\" height=\"1024\" src=\"https:\/\/atelier-de-m-etre.fr\/wp-content\/uploads\/2024\/08\/IMG_20240512_180402-768x1024.jpg\" alt=\"r\u00e9flexologue autour de moi\" class=\"wp-image-456\" srcset=\"https:\/\/atelier-de-m-etre.fr\/wp-content\/uploads\/2024\/08\/IMG_20240512_180402-768x1024.jpg 768w, https:\/\/atelier-de-m-etre.fr\/wp-content\/uploads\/2024\/08\/IMG_20240512_180402-225x300.jpg 225w, https:\/\/atelier-de-m-etre.fr\/wp-content\/uploads\/2024\/08\/IMG_20240512_180402-1152x1536.jpg 1152w, https:\/\/atelier-de-m-etre.fr\/wp-content\/uploads\/2024\/08\/IMG_20240512_180402-1536x2048.jpg 1536w, https:\/\/atelier-de-m-etre.fr\/wp-content\/uploads\/2024\/08\/IMG_20240512_180402-scaled.jpg 1920w\" sizes=\"auto, (max-width: 768px) 100vw, 768px\" \/><\/figure>\n\n\n\n<p class=\"has-dark-brown-color has-text-color\" style=\"font-size:15px\"><\/p>\n<\/div>\n\n\n\n<div class=\"wp-block-column is-layout-flow wp-block-column-is-layout-flow\" style=\"flex-basis:66.66%\">\n<div class=\"wp-block-group is-vertical is-layout-flex wp-container-core-group-is-layout-8cf370e7 wp-block-group-is-layout-flex\">\n<div class=\"wp-block-group is-vertical is-layout-flex wp-container-core-group-is-layout-8cf370e7 wp-block-group-is-layout-flex\">\n<div class=\"wp-block-group\"><div class=\"wp-block-group__inner-container is-layout-constrained wp-block-group-is-layout-constrained\">\n<div class=\"wp-block-group is-vertical is-layout-flex wp-container-core-group-is-layout-8cf370e7 wp-block-group-is-layout-flex\">\n<p class=\"has-dark-brown-color has-white-background-color has-text-color has-background\" style=\"font-size:16px\">Je vous accueille dans mon espace bien-\u00eatre orl\u00e9anais, accessible \u00e0 tou(te)s et situ\u00e9 au:<\/p>\n\n\n\n<p class=\"has-dark-brown-color has-white-background-color has-text-color has-background\" style=\"font-size:16px\"><strong>16 rue des Bouchers &#8211; 45000 Orl\u00e9ans<\/strong><\/p>\n<\/div>\n<\/div><\/div>\n<\/div>\n<\/div>\n<\/div>\n\n\n\n<div class=\"wp-block-column is-layout-flow wp-block-column-is-layout-flow\" style=\"flex-basis:33.33%\">\n<figure class=\"wp-block-image size-large is-style-rounded\"><img loading=\"lazy\" decoding=\"async\" width=\"768\" height=\"1024\" src=\"https:\/\/atelier-de-m-etre.fr\/wp-content\/uploads\/2024\/08\/IMG_20210725_120514-768x1024.jpg\" alt=\"sophrologue autour de moi\" class=\"wp-image-457\" srcset=\"https:\/\/atelier-de-m-etre.fr\/wp-content\/uploads\/2024\/08\/IMG_20210725_120514-768x1024.jpg 768w, https:\/\/atelier-de-m-etre.fr\/wp-content\/uploads\/2024\/08\/IMG_20210725_120514-225x300.jpg 225w, https:\/\/atelier-de-m-etre.fr\/wp-content\/uploads\/2024\/08\/IMG_20210725_120514-1152x1536.jpg 1152w, https:\/\/atelier-de-m-etre.fr\/wp-content\/uploads\/2024\/08\/IMG_20210725_120514-1536x2048.jpg 1536w, https:\/\/atelier-de-m-etre.fr\/wp-content\/uploads\/2024\/08\/IMG_20210725_120514-scaled.jpg 1920w\" sizes=\"auto, (max-width: 768px) 100vw, 768px\" \/><\/figure>\n\n\n\n<p class=\"has-dark-brown-color has-text-color\" style=\"font-size:15px\"><\/p>\n<\/div>\n<\/div>\n\n\n\n<hr class=\"wp-block-separator has-alpha-channel-opacity\"\/>\n\n\n\n<h2 class=\"wp-block-heading has-dark-brown-color has-text-color has-link-color wp-elements-f6c61a38bef572b193f55430b835ad72\">Formations reconnues par l&rsquo;Etat<\/h2>\n\n\n\n<div class=\"wp-block-columns is-layout-flex wp-container-core-columns-is-layout-9d6595d7 wp-block-columns-is-layout-flex\">\n<div class=\"wp-block-column is-layout-flow wp-block-column-is-layout-flow\" style=\"flex-basis:33.33%\">\n<figure class=\"wp-block-image size-large is-resized is-style-rounded\"><img loading=\"lazy\" decoding=\"async\" width=\"768\" height=\"1024\" src=\"https:\/\/atelier-de-m-etre.fr\/wp-content\/uploads\/2023\/03\/IMG_20221019_175636-1-768x1024.jpg\" alt=\"\" class=\"wp-image-317\" style=\"aspect-ratio:0.7500143402791225;width:168px;height:auto\" srcset=\"https:\/\/atelier-de-m-etre.fr\/wp-content\/uploads\/2023\/03\/IMG_20221019_175636-1-768x1024.jpg 768w, https:\/\/atelier-de-m-etre.fr\/wp-content\/uploads\/2023\/03\/IMG_20221019_175636-1-225x300.jpg 225w, https:\/\/atelier-de-m-etre.fr\/wp-content\/uploads\/2023\/03\/IMG_20221019_175636-1-1152x1536.jpg 1152w, https:\/\/atelier-de-m-etre.fr\/wp-content\/uploads\/2023\/03\/IMG_20221019_175636-1-1536x2048.jpg 1536w, https:\/\/atelier-de-m-etre.fr\/wp-content\/uploads\/2023\/03\/IMG_20221019_175636-1-scaled.jpg 1920w\" sizes=\"auto, (max-width: 768px) 100vw, 768px\" \/><\/figure>\n<\/div>\n\n\n\n<div class=\"wp-block-column is-layout-flow wp-block-column-is-layout-flow\" style=\"flex-basis:66.66%\">\n<p><\/p>\n\n\n\n<p class=\"has-dark-brown-color has-text-color has-link-color wp-elements-c0e8a1a9dec48c9a759d7a3a4de27a49\" style=\"font-size:16px\">Je suis titulaire de certifications d\u00e9coulant de formations inscrite au Registre National des Certifications Professionnelles (RNCP).<\/p>\n<\/div>\n<\/div>\n\n\n\n<h2 class=\"wp-block-heading has-dark-brown-color has-text-color has-link-color has-medium-font-size wp-elements-e9c88e5e799be6c4f86aecea0b74d1c3\">Formation Reflexologie reconnue par l\u2019Etat<\/h2>\n\n\n\n<p class=\"has-dark-brown-color has-text-color has-link-color wp-elements-b2fa85c02a501d3def44fa54e7d1282d\" style=\"font-size:16px\">Je suis <strong>R\u00e9flexologue certifi\u00e9e par une formation inscrite au Registre National des Certifications Professionnelles (RNCP<\/strong>). Cette formation a \u00e9t\u00e9 dispens\u00e9e par l\u2019\u00e9cole <strong>A Fleur de Peau<\/strong> (Lyon), qui m\u2019a enseign\u00e9 les techniques de R\u00e9flexologie plantaire, palmaire, faciale et auriculaire, afin de pouvoir proposer les massages les plus adapt\u00e9s <strong>aux particularit\u00e9s de chacun.e<\/strong>. J\u2019y ai appris \u00e9galement \u00e0 utiliser les aliments commun\u00e9ment disponibles dans notre pays pour apporter une aide suppl\u00e9mentaire au quotidien.<\/p>\n\n\n\n<h2 class=\"wp-block-heading has-dark-brown-color has-text-color has-link-color has-medium-font-size wp-elements-2ad507f3a538e4d296ca89f344edbc45\">Formation Sophrologie reconnue par l\u2019Etat<\/h2>\n\n\n\n<p class=\"has-dark-brown-color has-text-color has-link-color wp-elements-dfe261ff6d4cc680b17e3c27fcea684f\" style=\"font-size:16px\">Je suis <strong>Sophrologue certifi\u00e9e RNCP<\/strong> (Registre National des Certifications Professionnelles) et j\u2019ai \u00e9t\u00e9 form\u00e9e \u00e0 l\u2019<strong>Institut de Formation \u00e0 la Sophrologie<\/strong> (Paris) dans lequel j\u2019ai \u00e9galement suivi les sp\u00e9cialisations \u00ab&nbsp;Adolescence&nbsp;\u00bb et \u00ab&nbsp;Enfance&nbsp;\u00bb, afin de pouvoir proposer des accompagnements des plus adapt\u00e9s <strong>aux besoins de chacun.e<\/strong>, que l\u2019on soit adulte, adolescent.e ou enfant, pour <strong>tous les moments de la vie<\/strong>.<\/p>\n\n\n\n<p class=\"has-dark-brown-color has-text-color has-link-color wp-elements-9df6c75a1f80821df287deb0af7c6ef0\" style=\"font-size:16px\">Je suis \u00e9galement membre adh\u00e9rent \u00e0 la <strong>Chambre Syndicale de Sophrologie<\/strong> et me conforme au code de d\u00e9ontologie qui s\u2019y r\u00e9f\u00e8re.<\/p>\n","protected":false},"excerpt":{"rendered":"<p>Conditions G\u00e9n\u00e9rales de vente Tarifs S\u00e9ances de Sophrologie S\u00e9ance individuelle (1 heure) : 55\u20ac TTC\/s\u00e9ance\/personne S\u00e9ance de groupe (\u00e0 partir de 3 personnes) : sur devis ayant une validit\u00e9 de 3 mois S\u00e9ance en entreprise : sur devis ayant une validit\u00e9 de 3 mois S\u00e9ances de R\u00e9flexologie S\u00e9ance individuelle (1 heure) : 60\u20ac TTC\/s\u00e9ance\/personne S\u00e9ance &hellip; <a href=\"https:\/\/atelier-de-m-etre.fr\/?page_id=9\" class=\"more-link\">Continuer la lecture de <span class=\"screen-reader-text\">Tarifs et Contacts<\/span><\/a><\/p>\n","protected":false},"author":1,"featured_media":188,"parent":0,"menu_order":0,"comment_status":"closed","ping_status":"closed","template":"","meta":{"footnotes":""},"class_list":["post-9","page","type-page","status-publish","has-post-thumbnail","hentry"],"_links":{"self":[{"href":"https:\/\/atelier-de-m-etre.fr\/index.php?rest_route=\/wp\/v2\/pages\/9","targetHints":{"allow":["GET"]}}],"collection":[{"href":"https:\/\/atelier-de-m-etre.fr\/index.php?rest_route=\/wp\/v2\/pages"}],"about":[{"href":"https:\/\/atelier-de-m-etre.fr\/index.php?rest_route=\/wp\/v2\/types\/page"}],"author":[{"embeddable":true,"href":"https:\/\/atelier-de-m-etre.fr\/index.php?rest_route=\/wp\/v2\/users\/1"}],"replies":[{"embeddable":true,"href":"https:\/\/atelier-de-m-etre.fr\/index.php?rest_route=%2Fwp%2Fv2%2Fcomments&post=9"}],"version-history":[{"count":31,"href":"https:\/\/atelier-de-m-etre.fr\/index.php?rest_route=\/wp\/v2\/pages\/9\/revisions"}],"predecessor-version":[{"id":722,"href":"https:\/\/atelier-de-m-etre.fr\/index.php?rest_route=\/wp\/v2\/pages\/9\/revisions\/722"}],"wp:featuredmedia":[{"embeddable":true,"href":"https:\/\/atelier-de-m-etre.fr\/index.php?rest_route=\/wp\/v2\/media\/188"}],"wp:attachment":[{"href":"https:\/\/atelier-de-m-etre.fr\/index.php?rest_route=%2Fwp%2Fv2%2Fmedia&parent=9"}],"curies":[{"name":"wp","href":"https:\/\/api.w.org\/{rel}","templated":true}]}}